{"id":657,"date":"2013-11-08T20:29:52","date_gmt":"2013-11-08T20:29:52","guid":{"rendered":"http:\/\/www.sincomam.org.br\/?page_id=657"},"modified":"2024-07-17T14:34:02","modified_gmt":"2024-07-17T17:34:02","slug":"cursos-sincomam","status":"publish","type":"page","link":"https:\/\/www.sincomam.org.br\/index.php\/cursos-sincomam\/","title":{"rendered":"Cursos"},"content":{"rendered":"<style>.wp-show-posts-columns#wpsp-52535 {margin-left: -2em; }.wp-show-posts-columns#wpsp-52535 .wp-show-posts-inner {margin: 0 0 2em 2em; }<\/style><section id=\"wpsp-52535\" class=\" wp-show-posts\" style=\"\"><article class=\" wp-show-posts-single wpsp-clearfix post-63031 post type-post status-publish format-standard hentry category-cursos-2\" itemtype=\"http:\/\/schema.org\/CreativeWork\" itemscope><div class=\"wp-show-posts-inner\" style=\"\">\t\t\t\t\t\t<header class=\"wp-show-posts-entry-header\">\n\t\t\t\t\t\t\t<h2 class=\"wp-show-posts-entry-title\" itemprop=\"headline\"><a href=\"https:\/\/www.sincomam.org.br\/index.php\/curso-de-soldagem-com-eletrodo-revestido-e-oxicorte-para-mecanico-de-manutencao-10-07-2023-a-14-07-2023\/\" rel=\"bookmark\">CURSO DE SOLDAGEM COM ELETRODO REVESTIDO E OXICORTE PARA MEC\u00c2NICO DE MANUTEN\u00c7\u00c3O &#8211; 10\/07\/2023 A 14\/07\/2023<\/a><\/h2><div class=\"wp-show-posts-entry-meta wp-show-posts-entry-meta-below-title post-meta-inline\"><span class=\"wp-show-posts-posted-on wp-show-posts-meta\">\n\t\t\t\t\t<a href=\"https:\/\/www.sincomam.org.br\/index.php\/curso-de-soldagem-com-eletrodo-revestido-e-oxicorte-para-mecanico-de-manutencao-10-07-2023-a-14-07-2023\/\" title=\"19:44\" rel=\"bookmark\"><time class=\"wp-show-posts-entry-date published\" datetime=\"2025-12-16T19:44:17-03:00\" itemprop=\"datePublished\">16 de dezembro de 2025<\/time><time class=\"wp-show-posts-updated\" datetime=\"2025-12-16T19:49:45-03:00\" itemprop=\"dateModified\">16 de dezembro de 2025<\/time><\/a>\n\t\t\t\t<\/span><\/div>\t\t\t\t\t\t<\/header><!-- .entry-header -->\n\t\t\t\t\t\t\t\t\t\t\t<div class=\"wp-show-posts-entry-summary\" itemprop=\"text\">\n\t\t\t\t\t\t\t<p>Entre 10 de julho e 14 de julho de 2023, o SENAI Vila Isabel promoveu o curso de Soldagem com Eletrodo Revestido e Oxicorte para Mec\u00e2nico de Manuten\u00e7\u00e3o, oferecendo aos&#8230;<\/p>\n\t\t\t\t\t\t<\/div><!-- .entry-summary -->\n\t\t\t\t\t<\/div><!-- wp-show-posts-inner --><div class=\"wpsp-clear\"><\/div><\/article><article class=\" wp-show-posts-single wpsp-clearfix post-63027 post type-post status-publish format-standard hentry category-cursos-2\" itemtype=\"http:\/\/schema.org\/CreativeWork\" itemscope><div class=\"wp-show-posts-inner\" style=\"\">\t\t\t\t\t\t<header class=\"wp-show-posts-entry-header\">\n\t\t\t\t\t\t\t<h2 class=\"wp-show-posts-entry-title\" itemprop=\"headline\"><a href=\"https:\/\/www.sincomam.org.br\/index.php\/curso-tornearia-para-manutencao\/\" rel=\"bookmark\">CURSO TORNEARIA PARA MANUTEN\u00c7\u00c3O &#8211; 19\/06\/2023 A 30\/06\/2023<\/a><\/h2><div class=\"wp-show-posts-entry-meta wp-show-posts-entry-meta-below-title post-meta-inline\"><span class=\"wp-show-posts-posted-on wp-show-posts-meta\">\n\t\t\t\t\t<a href=\"https:\/\/www.sincomam.org.br\/index.php\/curso-tornearia-para-manutencao\/\" title=\"19:40\" rel=\"bookmark\"><time class=\"wp-show-posts-entry-date published\" datetime=\"2025-12-16T19:40:56-03:00\" itemprop=\"datePublished\">16 de dezembro de 2025<\/time><time class=\"wp-show-posts-updated\" datetime=\"2025-12-16T19:46:22-03:00\" itemprop=\"dateModified\">16 de dezembro de 2025<\/time><\/a>\n\t\t\t\t<\/span><\/div>\t\t\t\t\t\t<\/header><!-- .entry-header -->\n\t\t\t\t\t\t\t\t\t\t\t<div class=\"wp-show-posts-entry-summary\" itemprop=\"text\">\n\t\t\t\t\t\t\t<p>O curso Tornearia para Manuten\u00e7\u00e3o, realizado no SENAI Benfica entre 19 de junho e 30 de junho de 2023, proporcionou aos participantes uma forma\u00e7\u00e3o pr\u00e1tica e qualificada no uso do&#8230;<\/p>\n\t\t\t\t\t\t<\/div><!-- .entry-summary -->\n\t\t\t\t\t<\/div><!-- wp-show-posts-inner --><div class=\"wpsp-clear\"><\/div><\/article><article class=\" wp-show-posts-single wpsp-clearfix post-63022 post type-post status-publish format-standard hentry category-cursos-2\" itemtype=\"http:\/\/schema.org\/CreativeWork\" itemscope><div class=\"wp-show-posts-inner\" style=\"\">\t\t\t\t\t\t<header class=\"wp-show-posts-entry-header\">\n\t\t\t\t\t\t\t<h2 class=\"wp-show-posts-entry-title\" itemprop=\"headline\"><a href=\"https:\/\/www.sincomam.org.br\/index.php\/curso-cbsp-curso-basico-de-seguranca-de-plataforma-huet-treinamento-de-escape-de-aeronave-submersa\/\" rel=\"bookmark\">Curso CBSP (Curso B\u00e1sico de Seguran\u00e7a de Plataforma) + HUET (Treinamento de Escape de Aeronave Submersa) \u2013 22\/05\/2023 a 26\/05\/2023<\/a><\/h2><div class=\"wp-show-posts-entry-meta wp-show-posts-entry-meta-below-title post-meta-inline\"><span class=\"wp-show-posts-posted-on wp-show-posts-meta\">\n\t\t\t\t\t<a href=\"https:\/\/www.sincomam.org.br\/index.php\/curso-cbsp-curso-basico-de-seguranca-de-plataforma-huet-treinamento-de-escape-de-aeronave-submersa\/\" title=\"19:39\" rel=\"bookmark\"><time class=\"wp-show-posts-entry-date published\" datetime=\"2025-12-16T19:39:29-03:00\" itemprop=\"datePublished\">16 de dezembro de 2025<\/time><time class=\"wp-show-posts-updated\" datetime=\"2025-12-16T19:46:47-03:00\" itemprop=\"dateModified\">16 de dezembro de 2025<\/time><\/a>\n\t\t\t\t<\/span><\/div>\t\t\t\t\t\t<\/header><!-- .entry-header -->\n\t\t\t\t\t\t\t\t\t\t\t<div class=\"wp-show-posts-entry-summary\" itemprop=\"text\">\n\t\t\t\t\t\t\t<p>De 22 de maio a 26 de maio de 2023, o SINCOMAM, em parceria com a SHELTER, realizou o Curso CBSP + HUET, oferecendo treinamento em seguran\u00e7a offshore, preven\u00e7\u00e3o e&#8230;<\/p>\n\t\t\t\t\t\t<\/div><!-- .entry-summary -->\n\t\t\t\t\t<\/div><!-- wp-show-posts-inner --><div class=\"wpsp-clear\"><\/div><\/article><article class=\" wp-show-posts-single wpsp-clearfix post-63019 post type-post status-publish format-standard hentry category-cursos-2\" itemtype=\"http:\/\/schema.org\/CreativeWork\" itemscope><div class=\"wp-show-posts-inner\" style=\"\">\t\t\t\t\t\t<header class=\"wp-show-posts-entry-header\">\n\t\t\t\t\t\t\t<h2 class=\"wp-show-posts-entry-title\" itemprop=\"headline\"><a href=\"https:\/\/www.sincomam.org.br\/index.php\/curso-tecnicas-de-manutencao-em-aparelhos-de-refrigeracao\/\" rel=\"bookmark\">CURSO T\u00c9CNICAS DE MANUTEN\u00c7\u00c3O EM APARELHOS DE REFRIGERA\u00c7\u00c3O &#8211; 07\/08\/2023 &#8211; 18\/08\/2023<\/a><\/h2><div class=\"wp-show-posts-entry-meta wp-show-posts-entry-meta-below-title post-meta-inline\"><span class=\"wp-show-posts-posted-on wp-show-posts-meta\">\n\t\t\t\t\t<a href=\"https:\/\/www.sincomam.org.br\/index.php\/curso-tecnicas-de-manutencao-em-aparelhos-de-refrigeracao\/\" title=\"19:37\" rel=\"bookmark\"><time class=\"wp-show-posts-entry-date published\" datetime=\"2025-12-16T19:37:15-03:00\" itemprop=\"datePublished\">16 de dezembro de 2025<\/time><time class=\"wp-show-posts-updated\" datetime=\"2025-12-16T19:48:27-03:00\" itemprop=\"dateModified\">16 de dezembro de 2025<\/time><\/a>\n\t\t\t\t<\/span><\/div>\t\t\t\t\t\t<\/header><!-- .entry-header -->\n\t\t\t\t\t\t\t\t\t\t\t<div class=\"wp-show-posts-entry-summary\" itemprop=\"text\">\n\t\t\t\t\t\t\t<p>O curso T\u00e9cnicas de Manuten\u00e7\u00e3o em Aparelhos de Refrigera\u00e7\u00e3o, realizado no SENAI Benfica entre 07 de agosto e 18 de agosto de 2023, proporcionou aos participantes o desenvolvimento de compet\u00eancias&#8230;<\/p>\n\t\t\t\t\t\t<\/div><!-- .entry-summary -->\n\t\t\t\t\t<\/div><!-- wp-show-posts-inner --><div class=\"wpsp-clear\"><\/div><\/article><article class=\" wp-show-posts-single wpsp-clearfix post-63013 post type-post status-publish format-standard hentry category-cursos-2\" itemtype=\"http:\/\/schema.org\/CreativeWork\" itemscope><div class=\"wp-show-posts-inner\" style=\"\">\t\t\t\t\t\t<header class=\"wp-show-posts-entry-header\">\n\t\t\t\t\t\t\t<h2 class=\"wp-show-posts-entry-title\" itemprop=\"headline\"><a href=\"https:\/\/www.sincomam.org.br\/index.php\/curso-de-soldagem-com-eletrodo-revestido-e-oxicorte-para-mecanico-de-manutencao\/\" rel=\"bookmark\">CURSO DE SOLDAGEM COM ELETRODO REVESTIDO E OXICORTE PARA MEC\u00c2NICO DE MANUTEN\u00c7\u00c3O &#8211; 21\/08\/2023 A 25\/08\/2023<\/a><\/h2><div class=\"wp-show-posts-entry-meta wp-show-posts-entry-meta-below-title post-meta-inline\"><span class=\"wp-show-posts-posted-on wp-show-posts-meta\">\n\t\t\t\t\t<a href=\"https:\/\/www.sincomam.org.br\/index.php\/curso-de-soldagem-com-eletrodo-revestido-e-oxicorte-para-mecanico-de-manutencao\/\" title=\"19:32\" rel=\"bookmark\"><time class=\"wp-show-posts-entry-date published\" datetime=\"2025-12-16T19:32:35-03:00\" itemprop=\"datePublished\">16 de dezembro de 2025<\/time><time class=\"wp-show-posts-updated\" datetime=\"2025-12-16T19:49:12-03:00\" itemprop=\"dateModified\">16 de dezembro de 2025<\/time><\/a>\n\t\t\t\t<\/span><\/div>\t\t\t\t\t\t<\/header><!-- .entry-header -->\n\t\t\t\t\t\t\t\t\t\t\t<div class=\"wp-show-posts-entry-summary\" itemprop=\"text\">\n\t\t\t\t\t\t\t<p>Realizado no SENAI Vila Isabel entre os dias 21 de agosto e 25 de agosto de 2023, o curso de Soldagem com Eletrodo Revestido e Oxicorte para Mec\u00e2nicos de Manuten\u00e7\u00e3o&#8230;<\/p>\n\t\t\t\t\t\t<\/div><!-- .entry-summary -->\n\t\t\t\t\t<\/div><!-- wp-show-posts-inner --><div class=\"wpsp-clear\"><\/div><\/article><article class=\" wp-show-posts-single wpsp-clearfix post-62868 post type-post status-publish format-standard hentry category-cursos-2\" itemtype=\"http:\/\/schema.org\/CreativeWork\" itemscope><div class=\"wp-show-posts-inner\" style=\"\">\t\t\t\t\t\t<header class=\"wp-show-posts-entry-header\">\n\t\t\t\t\t\t\t<h2 class=\"wp-show-posts-entry-title\" itemprop=\"headline\"><a href=\"https:\/\/www.sincomam.org.br\/index.php\/sincomam-promove-a-realizacao-do-curso-de-hidraulica\/\" rel=\"bookmark\">SINCOMAM promove a realiza\u00e7\u00e3o do Curso de Hidr\u00e1ulica<\/a><\/h2><div class=\"wp-show-posts-entry-meta wp-show-posts-entry-meta-below-title post-meta-inline\"><span class=\"wp-show-posts-posted-on wp-show-posts-meta\">\n\t\t\t\t\t<a href=\"https:\/\/www.sincomam.org.br\/index.php\/sincomam-promove-a-realizacao-do-curso-de-hidraulica\/\" title=\"13:02\" rel=\"bookmark\"><time class=\"wp-show-posts-entry-date published\" datetime=\"2025-12-08T13:02:25-03:00\" itemprop=\"datePublished\">8 de dezembro de 2025<\/time><\/a>\n\t\t\t\t<\/span><\/div>\t\t\t\t\t\t<\/header><!-- .entry-header -->\n\t\t\t\t\t\t\t\t\t\t\t<div class=\"wp-show-posts-entry-summary\" itemprop=\"text\">\n\t\t\t\t\t\t\t<p>O SINCOMAM promoveu a realiza\u00e7\u00e3o do Curso de Hidr\u00e1ulica, entre os dias 15\/09\/2025 e 19\/09\/2025. O treinamento foi conduzido pelo FIRJAN SENAI Benfica, refor\u00e7ando o compromisso do Sindicato com a&#8230;<\/p>\n\t\t\t\t\t\t<\/div><!-- .entry-summary -->\n\t\t\t\t\t<\/div><!-- wp-show-posts-inner --><div class=\"wpsp-clear\"><\/div><\/article><article class=\" wp-show-posts-single wpsp-clearfix post-62864 post type-post status-publish format-standard hentry category-cursos-2\" itemtype=\"http:\/\/schema.org\/CreativeWork\" itemscope><div class=\"wp-show-posts-inner\" style=\"\">\t\t\t\t\t\t<header class=\"wp-show-posts-entry-header\">\n\t\t\t\t\t\t\t<h2 class=\"wp-show-posts-entry-title\" itemprop=\"headline\"><a href=\"https:\/\/www.sincomam.org.br\/index.php\/sincomam-proporciona-aos-seus-associados-o-curso-de-aperfeicoamento-profissional-de-soldagem\/\" rel=\"bookmark\">SINCOMAM proporciona aos seus associados o Curso de Aperfei\u00e7oamento Profissional de Soldagem<\/a><\/h2><div class=\"wp-show-posts-entry-meta wp-show-posts-entry-meta-below-title post-meta-inline\"><span class=\"wp-show-posts-posted-on wp-show-posts-meta\">\n\t\t\t\t\t<a href=\"https:\/\/www.sincomam.org.br\/index.php\/sincomam-proporciona-aos-seus-associados-o-curso-de-aperfeicoamento-profissional-de-soldagem\/\" title=\"12:57\" rel=\"bookmark\"><time class=\"wp-show-posts-entry-date published\" datetime=\"2025-12-08T12:57:56-03:00\" itemprop=\"datePublished\">8 de dezembro de 2025<\/time><\/a>\n\t\t\t\t<\/span><\/div>\t\t\t\t\t\t<\/header><!-- .entry-header -->\n\t\t\t\t\t\t\t\t\t\t\t<div class=\"wp-show-posts-entry-summary\" itemprop=\"text\">\n\t\t\t\t\t\t\t<p>Entre 04\/08\/2025 e 08\/08\/2025, o SINCOMAM proporcionou aos seus associados o Curso de Aperfei\u00e7oamento Profissional de Soldagem com Eletrodo Revestido e Oxicorte para Mec\u00e2nico de Manuten\u00e7\u00e3o. A capacita\u00e7\u00e3o foi realizada&#8230;<\/p>\n\t\t\t\t\t\t<\/div><!-- .entry-summary -->\n\t\t\t\t\t<\/div><!-- wp-show-posts-inner --><div class=\"wpsp-clear\"><\/div><\/article><article class=\" wp-show-posts-single wpsp-clearfix post-62860 post type-post status-publish format-standard hentry category-cursos-2\" itemtype=\"http:\/\/schema.org\/CreativeWork\" itemscope><div class=\"wp-show-posts-inner\" style=\"\">\t\t\t\t\t\t<header class=\"wp-show-posts-entry-header\">\n\t\t\t\t\t\t\t<h2 class=\"wp-show-posts-entry-title\" itemprop=\"headline\"><a href=\"https:\/\/www.sincomam.org.br\/index.php\/sincomam-promove-a-realizacao-do-curso-t-huet\/\" rel=\"bookmark\">SINCOMAM promove a realiza\u00e7\u00e3o do Curso T-HUET<\/a><\/h2><div class=\"wp-show-posts-entry-meta wp-show-posts-entry-meta-below-title post-meta-inline\"><span class=\"wp-show-posts-posted-on wp-show-posts-meta\">\n\t\t\t\t\t<a href=\"https:\/\/www.sincomam.org.br\/index.php\/sincomam-promove-a-realizacao-do-curso-t-huet\/\" title=\"12:51\" rel=\"bookmark\"><time class=\"wp-show-posts-entry-date published\" datetime=\"2025-12-08T12:51:53-03:00\" itemprop=\"datePublished\">8 de dezembro de 2025<\/time><time class=\"wp-show-posts-updated\" datetime=\"2025-12-08T12:52:08-03:00\" itemprop=\"dateModified\">8 de dezembro de 2025<\/time><\/a>\n\t\t\t\t<\/span><\/div>\t\t\t\t\t\t<\/header><!-- .entry-header -->\n\t\t\t\t\t\t\t\t\t\t\t<div class=\"wp-show-posts-entry-summary\" itemprop=\"text\">\n\t\t\t\t\t\t\t<p>O SINCOMAM promoveu a realiza\u00e7\u00e3o do Curso T-HUET (Escape de Helic\u00f3ptero Submerso em \u00c1guas Tropicais) em 14\/10\/2025. O treinamento foi conduzido pela FCO OFFSHORE Treinamentos e Servi\u00e7os Ltda, empresa reconhecida&#8230;<\/p>\n\t\t\t\t\t\t<\/div><!-- .entry-summary -->\n\t\t\t\t\t<\/div><!-- wp-show-posts-inner --><div class=\"wpsp-clear\"><\/div><\/article><article class=\" wp-show-posts-single wpsp-clearfix post-40650 post type-post status-publish format-standard hentry category-cursos-2\" itemtype=\"http:\/\/schema.org\/CreativeWork\" itemscope><div class=\"wp-show-posts-inner\" style=\"\">\t\t\t\t\t\t<header class=\"wp-show-posts-entry-header\">\n\t\t\t\t\t\t\t<h2 class=\"wp-show-posts-entry-title\" itemprop=\"headline\"><a href=\"https:\/\/www.sincomam.org.br\/index.php\/encerramento-curso-de-ingles-para-maritimos-2022\/\" rel=\"bookmark\">Encerramento curso de ingl\u00eas para mar\u00edtimos 2022<\/a><\/h2><div class=\"wp-show-posts-entry-meta wp-show-posts-entry-meta-below-title post-meta-inline\"><span class=\"wp-show-posts-posted-on wp-show-posts-meta\">\n\t\t\t\t\t<a href=\"https:\/\/www.sincomam.org.br\/index.php\/encerramento-curso-de-ingles-para-maritimos-2022\/\" title=\"14:55\" rel=\"bookmark\"><time class=\"wp-show-posts-entry-date published\" datetime=\"2022-08-01T14:55:32-03:00\" itemprop=\"datePublished\">1 de agosto de 2022<\/time><time class=\"wp-show-posts-updated\" datetime=\"2022-08-03T10:13:43-03:00\" itemprop=\"dateModified\">3 de agosto de 2022<\/time><\/a>\n\t\t\t\t<\/span><\/div>\t\t\t\t\t\t<\/header><!-- .entry-header -->\n\t\t\t\t\t\t\t\t\t\t\t<div class=\"wp-show-posts-entry-summary\" itemprop=\"text\">\n\t\t\t\t\t\t\t<p>No dia 29\/07,\u00a0 foi encerrado o curso livre de ingl\u00eas designados aos mar\u00edtimos, aplicado pelo SINCOMAM. A turma contou com 11 participantes, inclusive, de outras categorias. Durante 30 horas, a&#8230;<\/p>\n\t\t\t\t\t\t<\/div><!-- .entry-summary -->\n\t\t\t\t\t<\/div><!-- wp-show-posts-inner --><div class=\"wpsp-clear\"><\/div><\/article><article class=\" wp-show-posts-single wpsp-clearfix post-40504 post type-post status-publish format-standard hentry category-cursos-2\" itemtype=\"http:\/\/schema.org\/CreativeWork\" itemscope><div class=\"wp-show-posts-inner\" style=\"\">\t\t\t\t\t\t<header class=\"wp-show-posts-entry-header\">\n\t\t\t\t\t\t\t<h2 class=\"wp-show-posts-entry-title\" itemprop=\"headline\"><a href=\"https:\/\/www.sincomam.org.br\/index.php\/curso-de-ingles-para-maritimos-2022\/\" rel=\"bookmark\">Curso de ingl\u00eas para mar\u00edtimos 2022<\/a><\/h2><div class=\"wp-show-posts-entry-meta wp-show-posts-entry-meta-below-title post-meta-inline\"><span class=\"wp-show-posts-posted-on wp-show-posts-meta\">\n\t\t\t\t\t<a href=\"https:\/\/www.sincomam.org.br\/index.php\/curso-de-ingles-para-maritimos-2022\/\" title=\"17:51\" rel=\"bookmark\"><time class=\"wp-show-posts-entry-date published\" datetime=\"2022-07-25T17:51:00-03:00\" itemprop=\"datePublished\">25 de julho de 2022<\/time><time class=\"wp-show-posts-updated\" datetime=\"2022-07-28T08:37:18-03:00\" itemprop=\"dateModified\">28 de julho de 2022<\/time><\/a>\n\t\t\t\t<\/span><\/div>\t\t\t\t\t\t<\/header><!-- .entry-header -->\n\t\t\t\t\t\t\t\t\t\t\t<div class=\"wp-show-posts-entry-summary\" itemprop=\"text\">\n\t\t\t\t\t\t\t<p>&nbsp; O SINCOMAM deu in\u00edcio a mais uma turma de ingl\u00eas para mar\u00edtimos, o curso est\u00e1 sendo ministrado nas instala\u00e7\u00f5es do sindicato, no per\u00edodo de 18 a 29 de julho&#8230;<\/p>\n\t\t\t\t\t\t<\/div><!-- .entry-summary -->\n\t\t\t\t\t<\/div><!-- wp-show-posts-inner --><div class=\"wpsp-clear\"><\/div><\/article><\/section><!-- .wp-show-posts -->\n","protected":false},"excerpt":{"rendered":"","protected":false},"author":1187,"featured_media":0,"parent":0,"menu_order":0,"comment_status":"closed","ping_status":"closed","template":"","meta":{"footnotes":""},"class_list":["post-657","page","type-page","status-publish","hentry"],"_links":{"self":[{"href":"https:\/\/www.sincomam.org.br\/index.php\/wp-json\/wp\/v2\/pages\/657","targetHints":{"allow":["GET"]}}],"collection":[{"href":"https:\/\/www.sincomam.org.br\/index.php\/wp-json\/wp\/v2\/pages"}],"about":[{"href":"https:\/\/www.sincomam.org.br\/index.php\/wp-json\/wp\/v2\/types\/page"}],"author":[{"embeddable":true,"href":"https:\/\/www.sincomam.org.br\/index.php\/wp-json\/wp\/v2\/users\/1187"}],"replies":[{"embeddable":true,"href":"https:\/\/www.sincomam.org.br\/index.php\/wp-json\/wp\/v2\/comments?post=657"}],"version-history":[{"count":17,"href":"https:\/\/www.sincomam.org.br\/index.php\/wp-json\/wp\/v2\/pages\/657\/revisions"}],"predecessor-version":[{"id":3564,"href":"https:\/\/www.sincomam.org.br\/index.php\/wp-json\/wp\/v2\/pages\/657\/revisions\/3564"}],"wp:attachment":[{"href":"https:\/\/www.sincomam.org.br\/index.php\/wp-json\/wp\/v2\/media?parent=657"}],"curies":[{"name":"wp","href":"https:\/\/api.w.org\/{rel}","templated":true}]}}