{"id":115,"date":"2013-10-03T00:05:43","date_gmt":"2013-10-03T00:05:43","guid":{"rendered":"http:\/\/profile.net.br\/demo\/sincomam1\/?page_id=115"},"modified":"2024-07-17T14:40:33","modified_gmt":"2024-07-17T17:40:33","slug":"fotos","status":"publish","type":"page","link":"https:\/\/www.sincomam.org.br\/index.php\/fotos\/","title":{"rendered":"Visitas a bordo"},"content":{"rendered":"<style>.wp-show-posts-columns#wpsp-52544 {margin-left: -2em; }.wp-show-posts-columns#wpsp-52544 .wp-show-posts-inner {margin: 0 0 2em 2em; }<\/style><section id=\"wpsp-52544\" class=\" wp-show-posts\" style=\"\"><article class=\" wp-show-posts-single wpsp-clearfix post-64744 post type-post status-publish format-standard hentry category-fotos-galeria category-galeria\" itemtype=\"http:\/\/schema.org\/CreativeWork\" itemscope><div class=\"wp-show-posts-inner\" style=\"\">\t\t\t\t\t\t<header class=\"wp-show-posts-entry-header\">\n\t\t\t\t\t\t\t<h2 class=\"wp-show-posts-entry-title\" itemprop=\"headline\"><a href=\"https:\/\/www.sincomam.org.br\/index.php\/visitacao-na-empresa-locar-2\/\" rel=\"bookmark\">Visita\u00e7\u00e3o na empresa LOCAR<\/a><\/h2><div class=\"wp-show-posts-entry-meta wp-show-posts-entry-meta-below-title post-meta-inline\"><span class=\"wp-show-posts-posted-on wp-show-posts-meta\">\n\t\t\t\t\t<a href=\"https:\/\/www.sincomam.org.br\/index.php\/visitacao-na-empresa-locar-2\/\" title=\"15:28\" rel=\"bookmark\"><time class=\"wp-show-posts-entry-date published\" datetime=\"2026-04-02T15:28:56-03:00\" itemprop=\"datePublished\">2 de abril de 2026<\/time><time class=\"wp-show-posts-updated\" datetime=\"2026-04-02T15:29:13-03:00\" itemprop=\"dateModified\">2 de abril de 2026<\/time><\/a>\n\t\t\t\t<\/span><\/div>\t\t\t\t\t\t<\/header><!-- .entry-header -->\n\t\t\t\t\t\t\t\t\t\t\t<div class=\"wp-show-posts-entry-content\" itemprop=\"text\">\n\t\t\t\t\t\t\t<p><a href=\"https:\/\/www.sincomam.org.br\/wp-content\/uploads\/2026\/04\/10.03.2026-Embarcacao-LOCAR-VI.CDMs-Djaniro-e-Tuxi-1.jpeg\"><img fetchpriority=\"high\" fetchpriority=\"high\" decoding=\"async\" class=\"size-medium wp-image-64745 aligncenter\" src=\"https:\/\/www.sincomam.org.br\/wp-content\/uploads\/2026\/04\/10.03.2026-Embarcacao-LOCAR-VI.CDMs-Djaniro-e-Tuxi-1-225x300.jpeg\" alt=\"\" width=\"225\" height=\"300\" srcset=\"https:\/\/www.sincomam.org.br\/wp-content\/uploads\/2026\/04\/10.03.2026-Embarcacao-LOCAR-VI.CDMs-Djaniro-e-Tuxi-1-225x300.jpeg 225w, https:\/\/www.sincomam.org.br\/wp-content\/uploads\/2026\/04\/10.03.2026-Embarcacao-LOCAR-VI.CDMs-Djaniro-e-Tuxi-1-768x1024.jpeg 768w, https:\/\/www.sincomam.org.br\/wp-content\/uploads\/2026\/04\/10.03.2026-Embarcacao-LOCAR-VI.CDMs-Djaniro-e-Tuxi-1-1152x1536.jpeg 1152w, https:\/\/www.sincomam.org.br\/wp-content\/uploads\/2026\/04\/10.03.2026-Embarcacao-LOCAR-VI.CDMs-Djaniro-e-Tuxi-1.jpeg 1200w\" sizes=\"(max-width: 225px) 100vw, 225px\" \/><\/a><\/p>\n<p style=\"font-weight: 400; text-align: left;\">Diretor Ant\u00f4nio do Carmo e os CDMs Djaniro Barbosa e Fl\u00e1vio Tuxi durante visita na Embarca\u00e7\u00e3o LOCAR VI\u00a0em\u00a010 de mar\u00e7o de 2026<\/p>\n\t\t\t\t\t\t<\/div><!-- .entry-content -->\n\t\t\t\t\t<\/div><!-- wp-show-posts-inner --><div class=\"wpsp-clear\"><\/div><\/article><article class=\" wp-show-posts-single wpsp-clearfix post-64567 post type-post status-publish format-standard hentry category-fotos-galeria category-galeria\" itemtype=\"http:\/\/schema.org\/CreativeWork\" itemscope><div class=\"wp-show-posts-inner\" style=\"\">\t\t\t\t\t\t<header class=\"wp-show-posts-entry-header\">\n\t\t\t\t\t\t\t<h2 class=\"wp-show-posts-entry-title\" itemprop=\"headline\"><a href=\"https:\/\/www.sincomam.org.br\/index.php\/visitacao-na-empresa-wilson-sons-2\/\" rel=\"bookmark\">Visita\u00e7\u00e3o na empresa WILSON SONS<\/a><\/h2><div class=\"wp-show-posts-entry-meta wp-show-posts-entry-meta-below-title post-meta-inline\"><span class=\"wp-show-posts-posted-on wp-show-posts-meta\">\n\t\t\t\t\t<a href=\"https:\/\/www.sincomam.org.br\/index.php\/visitacao-na-empresa-wilson-sons-2\/\" title=\"13:07\" rel=\"bookmark\"><time class=\"wp-show-posts-entry-date published\" datetime=\"2026-03-24T13:07:15-03:00\" itemprop=\"datePublished\">24 de mar\u00e7o de 2026<\/time><\/a>\n\t\t\t\t<\/span><\/div>\t\t\t\t\t\t<\/header><!-- .entry-header -->\n\t\t\t\t\t\t\t\t\t\t\t<div class=\"wp-show-posts-entry-content\" itemprop=\"text\">\n\t\t\t\t\t\t\t<p><a href=\"https:\/\/www.sincomam.org.br\/wp-content\/uploads\/2026\/03\/Captura-de-tela-2026-03-24-130345.png\"><img decoding=\"async\" class=\"size-medium wp-image-64576 aligncenter\" src=\"https:\/\/www.sincomam.org.br\/wp-content\/uploads\/2026\/03\/Captura-de-tela-2026-03-24-130345-278x300.png\" alt=\"\" width=\"278\" height=\"300\" srcset=\"https:\/\/www.sincomam.org.br\/wp-content\/uploads\/2026\/03\/Captura-de-tela-2026-03-24-130345-278x300.png 278w, https:\/\/www.sincomam.org.br\/wp-content\/uploads\/2026\/03\/Captura-de-tela-2026-03-24-130345.png 699w\" sizes=\"(max-width: 278px) 100vw, 278px\" \/><\/a><\/p>\n<p>Diretor S\u00e9rgio, Diretor Jaime e CDMs durante visita\u00e7\u00e3o na empresa WILSON SONS no dia 11 de mar\u00e7o de 2026<\/p>\n\t\t\t\t\t\t<\/div><!-- .entry-content -->\n\t\t\t\t\t<\/div><!-- wp-show-posts-inner --><div class=\"wpsp-clear\"><\/div><\/article><article class=\" wp-show-posts-single wpsp-clearfix post-64568 post type-post status-publish format-standard hentry category-fotos-galeria category-galeria\" itemtype=\"http:\/\/schema.org\/CreativeWork\" itemscope><div class=\"wp-show-posts-inner\" style=\"\">\t\t\t\t\t\t<header class=\"wp-show-posts-entry-header\">\n\t\t\t\t\t\t\t<h2 class=\"wp-show-posts-entry-title\" itemprop=\"headline\"><a href=\"https:\/\/www.sincomam.org.br\/index.php\/visitacao-na-empresa-wilson-sons\/\" rel=\"bookmark\">Visita\u00e7\u00e3o na empresa SAAM TOWAGE<\/a><\/h2><div class=\"wp-show-posts-entry-meta wp-show-posts-entry-meta-below-title post-meta-inline\"><span class=\"wp-show-posts-posted-on wp-show-posts-meta\">\n\t\t\t\t\t<a href=\"https:\/\/www.sincomam.org.br\/index.php\/visitacao-na-empresa-wilson-sons\/\" title=\"12:59\" rel=\"bookmark\"><time class=\"wp-show-posts-entry-date published\" datetime=\"2026-03-24T12:59:13-03:00\" itemprop=\"datePublished\">24 de mar\u00e7o de 2026<\/time><time class=\"wp-show-posts-updated\" datetime=\"2026-03-24T13:02:35-03:00\" itemprop=\"dateModified\">24 de mar\u00e7o de 2026<\/time><\/a>\n\t\t\t\t<\/span><\/div>\t\t\t\t\t\t<\/header><!-- .entry-header -->\n\t\t\t\t\t\t\t\t\t\t\t<div class=\"wp-show-posts-entry-content\" itemprop=\"text\">\n\t\t\t\t\t\t\t<p><a href=\"https:\/\/www.sincomam.org.br\/wp-content\/uploads\/2026\/03\/Captura-de-tela-2026-03-24-124931.png\"><img decoding=\"async\" class=\"size-medium wp-image-64569 aligncenter\" src=\"https:\/\/www.sincomam.org.br\/wp-content\/uploads\/2026\/03\/Captura-de-tela-2026-03-24-124931-232x300.png\" alt=\"\" width=\"232\" height=\"300\" srcset=\"https:\/\/www.sincomam.org.br\/wp-content\/uploads\/2026\/03\/Captura-de-tela-2026-03-24-124931-232x300.png 232w, https:\/\/www.sincomam.org.br\/wp-content\/uploads\/2026\/03\/Captura-de-tela-2026-03-24-124931.png 696w\" sizes=\"(max-width: 232px) 100vw, 232px\" \/><\/a><\/p>\n<p><a href=\"https:\/\/www.sincomam.org.br\/wp-content\/uploads\/2026\/03\/Captura-de-tela-2026-03-24-124914.png\"><img loading=\"lazy\" loading=\"lazy\" decoding=\"async\" class=\"size-medium wp-image-64570 aligncenter\" src=\"https:\/\/www.sincomam.org.br\/wp-content\/uploads\/2026\/03\/Captura-de-tela-2026-03-24-124914-246x300.png\" alt=\"\" width=\"246\" height=\"300\" srcset=\"https:\/\/www.sincomam.org.br\/wp-content\/uploads\/2026\/03\/Captura-de-tela-2026-03-24-124914-246x300.png 246w, https:\/\/www.sincomam.org.br\/wp-content\/uploads\/2026\/03\/Captura-de-tela-2026-03-24-124914.png 704w\" sizes=\"auto, (max-width: 246px) 100vw, 246px\" \/><\/a> Diretor Jaime, Diretor S\u00e9rgio e CDMs durante visita\u00e7\u00e3o na empresa SAAM TOWAGE no dia 11 de mar\u00e7o de 2026<\/p>\n\t\t\t\t\t\t<\/div><!-- .entry-content -->\n\t\t\t\t\t<\/div><!-- wp-show-posts-inner --><div class=\"wpsp-clear\"><\/div><\/article><article class=\" wp-show-posts-single wpsp-clearfix post-64563 post type-post status-publish format-standard hentry category-fotos-galeria category-galeria\" itemtype=\"http:\/\/schema.org\/CreativeWork\" itemscope><div class=\"wp-show-posts-inner\" style=\"\">\t\t\t\t\t\t<header class=\"wp-show-posts-entry-header\">\n\t\t\t\t\t\t\t<h2 class=\"wp-show-posts-entry-title\" itemprop=\"headline\"><a href=\"https:\/\/www.sincomam.org.br\/index.php\/visitacao-na-empresa-locar\/\" rel=\"bookmark\">Visita\u00e7\u00e3o na empresa LOCAR<\/a><\/h2><div class=\"wp-show-posts-entry-meta wp-show-posts-entry-meta-below-title post-meta-inline\"><span class=\"wp-show-posts-posted-on wp-show-posts-meta\">\n\t\t\t\t\t<a href=\"https:\/\/www.sincomam.org.br\/index.php\/visitacao-na-empresa-locar\/\" title=\"12:45\" rel=\"bookmark\"><time class=\"wp-show-posts-entry-date published\" datetime=\"2026-03-24T12:45:43-03:00\" itemprop=\"datePublished\">24 de mar\u00e7o de 2026<\/time><time class=\"wp-show-posts-updated\" datetime=\"2026-03-24T12:46:21-03:00\" itemprop=\"dateModified\">24 de mar\u00e7o de 2026<\/time><\/a>\n\t\t\t\t<\/span><\/div>\t\t\t\t\t\t<\/header><!-- .entry-header -->\n\t\t\t\t\t\t\t\t\t\t\t<div class=\"wp-show-posts-entry-content\" itemprop=\"text\">\n\t\t\t\t\t\t\t<p><a href=\"https:\/\/www.sincomam.org.br\/wp-content\/uploads\/2026\/03\/Captura-de-tela-2026-03-24-124101.png\"><img loading=\"lazy\" loading=\"lazy\" decoding=\"async\" class=\"size-medium wp-image-64564 aligncenter\" src=\"https:\/\/www.sincomam.org.br\/wp-content\/uploads\/2026\/03\/Captura-de-tela-2026-03-24-124101-248x300.png\" alt=\"\" width=\"248\" height=\"300\" srcset=\"https:\/\/www.sincomam.org.br\/wp-content\/uploads\/2026\/03\/Captura-de-tela-2026-03-24-124101-248x300.png 248w, https:\/\/www.sincomam.org.br\/wp-content\/uploads\/2026\/03\/Captura-de-tela-2026-03-24-124101.png 702w\" sizes=\"auto, (max-width: 248px) 100vw, 248px\" \/><\/a><\/p>\n<p>Dr. Igor, Diretor Wallace e\u00a0 Dir. S\u00e9rgio durante visita no dia 15 de janeiro de 2026 na empresa LOCAR<\/p>\n\t\t\t\t\t\t<\/div><!-- .entry-content -->\n\t\t\t\t\t<\/div><!-- wp-show-posts-inner --><div class=\"wpsp-clear\"><\/div><\/article><article class=\" wp-show-posts-single wpsp-clearfix post-64365 post type-post status-publish format-standard hentry category-fotos-galeria category-galeria\" itemtype=\"http:\/\/schema.org\/CreativeWork\" itemscope><div class=\"wp-show-posts-inner\" style=\"\">\t\t\t\t\t\t<header class=\"wp-show-posts-entry-header\">\n\t\t\t\t\t\t\t<h2 class=\"wp-show-posts-entry-title\" itemprop=\"headline\"><a href=\"https:\/\/www.sincomam.org.br\/index.php\/visitacao-na-empresa-bram-power\/\" rel=\"bookmark\">Visita\u00e7\u00e3o na empresa BRAM POWER<\/a><\/h2><div class=\"wp-show-posts-entry-meta wp-show-posts-entry-meta-below-title post-meta-inline\"><span class=\"wp-show-posts-posted-on wp-show-posts-meta\">\n\t\t\t\t\t<a href=\"https:\/\/www.sincomam.org.br\/index.php\/visitacao-na-empresa-bram-power\/\" title=\"14:33\" rel=\"bookmark\"><time class=\"wp-show-posts-entry-date published\" datetime=\"2026-03-12T14:33:23-03:00\" itemprop=\"datePublished\">12 de mar\u00e7o de 2026<\/time><time class=\"wp-show-posts-updated\" datetime=\"2026-03-24T12:36:36-03:00\" itemprop=\"dateModified\">24 de mar\u00e7o de 2026<\/time><\/a>\n\t\t\t\t<\/span><\/div>\t\t\t\t\t\t<\/header><!-- .entry-header -->\n\t\t\t\t\t\t\t\t\t\t\t<div class=\"wp-show-posts-entry-content\" itemprop=\"text\">\n\t\t\t\t\t\t\t<p><a href=\"https:\/\/www.sincomam.org.br\/wp-content\/uploads\/2026\/03\/27-de-janeiro-2026.-Embarcacao-BRAM-POWER-BRAM-OffShore-foto-DIR.-Antonio-do-Carmo-e-CDMS.jpeg\"><img loading=\"lazy\" loading=\"lazy\" decoding=\"async\" class=\"size-medium wp-image-64366 aligncenter\" src=\"https:\/\/www.sincomam.org.br\/wp-content\/uploads\/2026\/03\/27-de-janeiro-2026.-Embarcacao-BRAM-POWER-BRAM-OffShore-foto-DIR.-Antonio-do-Carmo-e-CDMS-225x300.jpeg\" alt=\"\" width=\"225\" height=\"300\" srcset=\"https:\/\/www.sincomam.org.br\/wp-content\/uploads\/2026\/03\/27-de-janeiro-2026.-Embarcacao-BRAM-POWER-BRAM-OffShore-foto-DIR.-Antonio-do-Carmo-e-CDMS-225x300.jpeg 225w, https:\/\/www.sincomam.org.br\/wp-content\/uploads\/2026\/03\/27-de-janeiro-2026.-Embarcacao-BRAM-POWER-BRAM-OffShore-foto-DIR.-Antonio-do-Carmo-e-CDMS-768x1024.jpeg 768w, https:\/\/www.sincomam.org.br\/wp-content\/uploads\/2026\/03\/27-de-janeiro-2026.-Embarcacao-BRAM-POWER-BRAM-OffShore-foto-DIR.-Antonio-do-Carmo-e-CDMS.jpeg 966w\" sizes=\"auto, (max-width: 225px) 100vw, 225px\" \/><\/a><\/p>\n<p>Diretor Ant\u00f4nio do Carmo com os CDMs na embarca\u00e7\u00e3o BRAM POWER durante visita no dia 27 de janeiro de 2026<\/p>\n<p>&nbsp;<\/p>\n\t\t\t\t\t\t<\/div><!-- .entry-content -->\n\t\t\t\t\t<\/div><!-- wp-show-posts-inner --><div class=\"wpsp-clear\"><\/div><\/article><\/section><!-- .wp-show-posts --><div class=\"wpsp-load-more\"><span aria-current=\"page\" class=\"page-numbers current\">1<\/span>\n<a class=\"page-numbers\" href=\"https:\/\/www.sincomam.org.br\/index.php\/wp-json\/wp\/v2\/pages\/115\/page\/2\/\">2<\/a>\n<span class=\"page-numbers dots\">&hellip;<\/span>\n<a class=\"page-numbers\" href=\"https:\/\/www.sincomam.org.br\/index.php\/wp-json\/wp\/v2\/pages\/115\/page\/7\/\">7<\/a>\n<a class=\"next page-numbers\" href=\"https:\/\/www.sincomam.org.br\/index.php\/wp-json\/wp\/v2\/pages\/115\/page\/2\/\">Pr\u00f3ximo &rarr;<\/a><\/div>\n","protected":false},"excerpt":{"rendered":"","protected":false},"author":1187,"featured_media":0,"parent":0,"menu_order":0,"comment_status":"closed","ping_status":"closed","template":"","meta":{"footnotes":""},"class_list":["post-115","page","type-page","status-publish","hentry"],"_links":{"self":[{"href":"https:\/\/www.sincomam.org.br\/index.php\/wp-json\/wp\/v2\/pages\/115","targetHints":{"allow":["GET"]}}],"collection":[{"href":"https:\/\/www.sincomam.org.br\/index.php\/wp-json\/wp\/v2\/pages"}],"about":[{"href":"https:\/\/www.sincomam.org.br\/index.php\/wp-json\/wp\/v2\/types\/page"}],"author":[{"embeddable":true,"href":"https:\/\/www.sincomam.org.br\/index.php\/wp-json\/wp\/v2\/users\/1187"}],"replies":[{"embeddable":true,"href":"https:\/\/www.sincomam.org.br\/index.php\/wp-json\/wp\/v2\/comments?post=115"}],"version-history":[{"count":24,"href":"https:\/\/www.sincomam.org.br\/index.php\/wp-json\/wp\/v2\/pages\/115\/revisions"}],"predecessor-version":[{"id":52546,"href":"https:\/\/www.sincomam.org.br\/index.php\/wp-json\/wp\/v2\/pages\/115\/revisions\/52546"}],"wp:attachment":[{"href":"https:\/\/www.sincomam.org.br\/index.php\/wp-json\/wp\/v2\/media?parent=115"}],"curies":[{"name":"wp","href":"https:\/\/api.w.org\/{rel}","templated":true}]}}